{"id":476,"date":"2025-02-05T14:47:34","date_gmt":"2025-02-05T13:47:34","guid":{"rendered":"https:\/\/stact.at\/?page_id=476"},"modified":"2025-05-16T17:53:08","modified_gmt":"2025-05-16T15:53:08","slug":"msi-geblergasse","status":"publish","type":"page","link":"https:\/\/stact.at\/?page_id=476","title":{"rendered":"MSi Geblergasse"},"content":{"rendered":"\n<div class=\"wp-block-group alignfull has-accent-3-background-color has-background has-global-padding is-layout-constrained wp-container-core-group-is-layout-669513ed wp-block-group-is-layout-constrained\" style=\"margin-top:0;margin-bottom:0;padding-top:var(--wp--preset--spacing--50);padding-right:var(--wp--preset--spacing--50);padding-bottom:var(--wp--preset--spacing--50);padding-left:var(--wp--preset--spacing--50)\">\n<div class=\"wp-block-columns alignwide is-layout-flex wp-container-core-columns-is-layout-1da03c2a wp-block-columns-is-layout-flex\">\n<div class=\"wp-block-column is-vertically-aligned-stretch is-layout-flow wp-block-column-is-layout-flow\" style=\"flex-basis:50%\">\n<div class=\"wp-block-group is-vertical is-content-justification-stretch is-layout-flex wp-container-core-group-is-layout-444d5ee8 wp-block-group-is-layout-flex\" style=\"min-height:100%\">\n<p class=\"has-heading-font-family has-large-font-size\" style=\"line-height:1.2\">Die Mittelschule&nbsp;Hernals ist eine Mittelschule der Stadt Wien mit Informatikschwerpunkt. Derzeit werden zirka 300 Sch\u00fcler*innen in 14 Klassen unterrichtet. Zwei Klassen werden als Integrationsklassen gef\u00fchrt und durch das&nbsp;<a href=\"https:\/\/www.zis17.at\/\" target=\"_blank\" rel=\"noreferrer noopener\">ZIS17<\/a>&nbsp;p\u00e4dagogisch unterst\u00fctzt. Unser Ziel ist es, Sch\u00fcler*innen aus unterschiedlichen sozialen, gesellschaftlichen, sprachlichen und kulturellen Schichten miteinander zu unterrichten und sie auf einen bestm\u00f6glichen Start ins Berufsleben vorzubereiten.<\/p>\n\n\n\n<div class=\"wp-block-group has-global-padding is-content-justification-left is-layout-constrained wp-container-core-group-is-layout-9fe8ed88 wp-block-group-is-layout-constrained\">\n<p class=\"wp-container-content-0733e5d0\">MSi Geblergasse<\/p>\n\n\n\n<div class=\"wp-block-buttons is-layout-flex wp-block-buttons-is-layout-flex\">\n<div class=\"wp-block-button\"><a class=\"wp-block-button__link wp-element-button\" href=\"https:\/\/msigeblergasse.schule.wien.at\/\">\u00dcber uns<\/a><\/div>\n<\/div>\n<\/div>\n<\/div>\n<\/div>\n\n\n\n<div class=\"wp-block-column is-vertically-aligned-center is-layout-flow wp-block-column-is-layout-flow\" style=\"flex-basis:50%\">\n<figure class=\"wp-block-image size-full is-style-rounded is-style-rounded--1\"><img fetchpriority=\"high\" decoding=\"async\" width=\"4032\" height=\"3024\" src=\"https:\/\/stact.at\/wp-content\/uploads\/2025\/02\/Gruppe-Arbeit.jpg\" alt=\"\" class=\"wp-image-499\" style=\"aspect-ratio:3\/4;object-fit:cover\"\/><\/figure>\n<\/div>\n<\/div>\n<\/div>\n\n\n\n<div class=\"wp-block-cover alignfull is-light\" style=\"margin-top:0;padding-top:48px;padding-right:5vw;padding-bottom:48px;padding-left:5vw;min-height:202px;aspect-ratio:unset;\"><span aria-hidden=\"true\" class=\"wp-block-cover__background has-background-dim-100 has-background-dim has-background-gradient\" style=\"background:linear-gradient(180deg,rgb(0,0,0) 39%,rgb(83,80,123) 39%)\"><\/span><div class=\"wp-block-cover__inner-container is-layout-flow wp-block-cover-is-layout-flow\">\n<div class=\"wp-block-group is-content-justification-space-between is-layout-flex wp-container-core-group-is-layout-b04426d0 wp-block-group-is-layout-flex\">\n<div class=\"wp-block-group wp-container-content-9cfa9a5a is-layout-flow wp-container-core-group-is-layout-d6743c7d wp-block-group-is-layout-flow\">\n<p><\/p>\n\n\n\n<p class=\"has-text-align-left has-white-color has-text-color has-link-color has-heading-font-family wp-elements-cec925e32ea8c2a1be1875aa2c17f78b\" style=\"font-size:clamp(50.171px, 3.136rem + ((1vw - 3.2px) * 5.191), 100px);font-style:normal;font-weight:700;letter-spacing:-10px;line-height:0.7;text-transform:uppercase\"><strong>Unsere  Projekte<\/strong>.<\/p>\n\n\n\n<p><\/p>\n\n\n\n<p><\/p>\n<\/div>\n\n\n\n<div class=\"wp-block-group wp-container-content-9dbf05af is-layout-flow wp-container-core-group-is-layout-634f0b9d wp-block-group-is-layout-flow\"><\/div>\n<\/div>\n<\/div><\/div>\n\n\n\n<div class=\"wp-block-cover alignfull has-parallax\" style=\"min-height:571px;aspect-ratio:unset;\"><div class=\"wp-block-cover__image-background has-parallax\" style=\"background-position:50% 50%;background-image:url(https:\/\/s.w.org\/images\/core\/5.8\/art-01.jpg)\"><\/div><span aria-hidden=\"true\" class=\"wp-block-cover__background has-background-dim-40 has-background-dim\" style=\"background-color:#000000\"><\/span><div class=\"wp-block-cover__inner-container is-layout-flow wp-block-cover-is-layout-flow\">\n<h2 class=\"wp-block-heading has-text-align-center alignwide has-white-color has-text-color\" style=\"font-size:clamp(27.894px, 1.743rem + ((1vw - 3.2px) * 2.094), 48px);line-height:1.2\"><strong><em><strong>Die Welt und ihre Probleme<\/strong><\/em><\/strong><\/h2>\n\n\n\n<p><\/p>\n\n\n\n<p class=\"has-text-align-center has-heading-font-family has-large-font-size\">Unser Ziel war es, mehr dar\u00fcber herauszufinden, was Organisationen und Menschen mit ihrer<br>beruflichen T\u00e4tigkeit bewirken k\u00f6nnen, um die Welt ein wenig besser zu machen.<\/p>\n\n\n\n<p><\/p>\n\n\n\n<div style=\"height:25px\" aria-hidden=\"true\" class=\"wp-block-spacer\"><\/div>\n\n\n\n<p class=\"has-text-align-center has-heading-font-family\" style=\"font-size:clamp(1.403rem, 1.403rem + ((1vw - 0.2rem) * 1.495), 2.3rem);\"><strong>Unsere Themenschwerpunkte<\/strong><\/p>\n\n\n\n<p class=\"has-text-align-center has-heading-font-family has-large-font-size\">Frieden und gutes Zusammenleben<\/p>\n\n\n\n<p class=\"has-text-align-center has-heading-font-family has-large-font-size\">Keine Armut und kein Hunger<\/p>\n\n\n\n<p class=\"has-text-align-center has-heading-font-family has-large-font-size\">Arbeit, Gesundheit und Nachhaltigkeit<\/p>\n<\/div><\/div>\n\n\n\n<div style=\"height:24px\" aria-hidden=\"true\" class=\"wp-block-spacer\"><\/div>\n\n\n\n<div class=\"wp-block-media-text alignwide is-stacked-on-mobile is-vertically-aligned-center has-background\" style=\"background-color:#fffdea;grid-template-columns:20% auto\"><figure class=\"wp-block-media-text__media\"><img decoding=\"async\" width=\"218\" height=\"220\" src=\"https:\/\/stact.at\/wp-content\/uploads\/2025\/05\/4b-Frieden-Peace-.jpg\" alt=\"\" class=\"wp-image-640 size-full\" srcset=\"https:\/\/stact.at\/wp-content\/uploads\/2025\/05\/4b-Frieden-Peace-.jpg 218w, https:\/\/stact.at\/wp-content\/uploads\/2025\/05\/4b-Frieden-Peace--150x150.jpg 150w\" sizes=\"(max-width: 218px) 100vw, 218px\" \/><\/figure><div class=\"wp-block-media-text__content\">\n<div class=\"wp-block-group is-layout-flow wp-block-group-is-layout-flow\" style=\"padding-top:2em;padding-right:2em;padding-bottom:2em;padding-left:2em\">\n<p class=\"has-heading-font-family\" style=\"font-size:clamp(18.959px, 1.185rem + ((1vw - 3.2px) * 1.15), 30px);line-height:1.2\"><strong>Motive f\u00fcr das Thema Frieden<\/strong><\/p>\n\n\n\n<p class=\"has-heading-font-family\" style=\"font-size:clamp(14.642px, 0.915rem + ((1vw - 3.2px) * 0.766), 22px);line-height:1.2\">Alle Menschen sollen in Frieden leben k\u00f6nnen. Viele Kinder haben ein schlechtes Leben. Alle Menschen sollen gleichbehandelt werden. Wir wollen mehr \u00fcber Frieden lernen und wir wollen anderen helfen k\u00f6nnen, die \u00e4hnliche Probleme haben wie wir.<\/p>\n\n\n\n<p class=\"has-extra-small-font-size\"><\/p>\n<\/div>\n<\/div><\/div>\n\n\n\n<div class=\"wp-block-media-text alignwide has-media-on-the-right is-stacked-on-mobile is-vertically-aligned-center has-background\" style=\"background-color:#fffdea;grid-template-columns:auto 20%\"><div class=\"wp-block-media-text__content\">\n<div class=\"wp-block-group is-layout-flow wp-block-group-is-layout-flow\" style=\"padding-top:2em;padding-right:2em;padding-bottom:2em;padding-left:2em\">\n<p class=\"has-heading-font-family\" style=\"font-size:clamp(18.959px, 1.185rem + ((1vw - 3.2px) * 1.15), 30px);line-height:1.2\"><strong>Motive f\u00fcr das Thema Armut<\/strong><\/p>\n\n\n\n<p class=\"has-heading-font-family\" style=\"font-size:clamp(14.642px, 0.915rem + ((1vw - 3.2px) * 0.766), 22px);line-height:1.2\">Alle Menschen sollen die M\u00f6glichkeit haben gleich viel zu verdienen. Die Menschen sollen sich die Grundbed\u00fcrfnisse leisten k\u00f6nnen. Alle Menschen sollen f\u00fcr sich und f\u00fcr andere sorgen k\u00f6nnen. Obdachlose Menschen sollen eine M\u00f6glichkeit bekommen ihr Leben zu ver\u00e4ndern.<\/p>\n\n\n\n<p class=\"has-extra-small-font-size\"><\/p>\n<\/div>\n<\/div><figure class=\"wp-block-media-text__media\"><img decoding=\"async\" width=\"828\" height=\"620\" src=\"https:\/\/stact.at\/wp-content\/uploads\/2025\/05\/5b-Armut-keine-Hunger-.jpg\" alt=\"\" class=\"wp-image-639 size-full\" srcset=\"https:\/\/stact.at\/wp-content\/uploads\/2025\/05\/5b-Armut-keine-Hunger-.jpg 828w, https:\/\/stact.at\/wp-content\/uploads\/2025\/05\/5b-Armut-keine-Hunger--300x225.jpg 300w, https:\/\/stact.at\/wp-content\/uploads\/2025\/05\/5b-Armut-keine-Hunger--768x575.jpg 768w\" sizes=\"(max-width: 828px) 100vw, 828px\" \/><\/figure><\/div>\n\n\n\n<div class=\"wp-block-media-text alignwide is-stacked-on-mobile is-vertically-aligned-center has-background\" style=\"background-color:#fffdea;grid-template-columns:20% auto\"><figure class=\"wp-block-media-text__media\"><img loading=\"lazy\" decoding=\"async\" width=\"502\" height=\"328\" src=\"https:\/\/stact.at\/wp-content\/uploads\/2025\/05\/6-Arbeit-Nachhaltigkeit.jpg\" alt=\"\" class=\"wp-image-641 size-full\" srcset=\"https:\/\/stact.at\/wp-content\/uploads\/2025\/05\/6-Arbeit-Nachhaltigkeit.jpg 502w, https:\/\/stact.at\/wp-content\/uploads\/2025\/05\/6-Arbeit-Nachhaltigkeit-300x196.jpg 300w\" sizes=\"(max-width: 502px) 100vw, 502px\" \/><\/figure><div class=\"wp-block-media-text__content\">\n<div class=\"wp-block-group is-layout-flow wp-block-group-is-layout-flow\" style=\"padding-top:2em;padding-right:2em;padding-bottom:2em;padding-left:2em\">\n<p class=\"has-heading-font-family\" style=\"font-size:clamp(18.959px, 1.185rem + ((1vw - 3.2px) * 1.15), 30px);line-height:1.2\"><strong>Motive f\u00fcr das Thema Arbeit und Nachhaltigkeit<\/strong><\/p>\n\n\n\n<p class=\"has-heading-font-family\" style=\"font-size:clamp(14.642px, 0.915rem + ((1vw - 3.2px) * 0.766), 22px);line-height:1.2\">Es ist interessant, dass es Firmen gibt, die alte Ger\u00e4te erneuern. Viele Menschen sind arbeitslos und finden keine Arbeit, weil es nicht so viele Arbeitspl\u00e4tze gibt. Es sollte jeder eine Arbeit haben und Frauen sollten die gleichen Rechte bekommen. Menschen sollen sich etwas leisten k\u00f6nnen und ein selbstst\u00e4ndiges Leben f\u00fchren k\u00f6nnen. Jeder hat ein Recht auf einen Job.<\/p>\n\n\n\n<p class=\"has-extra-small-font-size\"><\/p>\n<\/div>\n<\/div><\/div>\n\n\n\n<div style=\"height:25px\" aria-hidden=\"true\" class=\"wp-block-spacer\"><\/div>\n\n\n\n<div class=\"wp-block-media-text alignwide has-media-on-the-right is-stacked-on-mobile is-vertically-aligned-center has-background\" style=\"background-color:#f1f5c7\"><div class=\"wp-block-media-text__content\">\n<div class=\"wp-block-group is-layout-flow wp-block-group-is-layout-flow\" style=\"padding-top:2em;padding-right:2em;padding-bottom:2em;padding-left:2em\">\n<p class=\"has-heading-font-family\" style=\"font-size:clamp(22.041px, 1.378rem + ((1vw - 3.2px) * 1.454), 36px);line-height:1.2\"><strong><strong>Die Stationen unserer Forschungsreise<\/strong><\/strong><\/p>\n\n\n\n<p class=\"has-extra-small-font-size\"><\/p>\n<\/div>\n<\/div><figure class=\"wp-block-media-text__media\"><img loading=\"lazy\" decoding=\"async\" width=\"918\" height=\"388\" src=\"https:\/\/stact.at\/wp-content\/uploads\/2025\/05\/7b-Gruppe-Frieden-Pra\u0308s-.jpg\" alt=\"\" class=\"wp-image-638 size-full\" srcset=\"https:\/\/stact.at\/wp-content\/uploads\/2025\/05\/7b-Gruppe-Frieden-Pra\u0308s-.jpg 918w, https:\/\/stact.at\/wp-content\/uploads\/2025\/05\/7b-Gruppe-Frieden-Pra\u0308s--300x127.jpg 300w, https:\/\/stact.at\/wp-content\/uploads\/2025\/05\/7b-Gruppe-Frieden-Pra\u0308s--768x325.jpg 768w\" sizes=\"(max-width: 918px) 100vw, 918px\" \/><\/figure><\/div>\n\n\n\n<div class=\"wp-block-media-text alignwide is-stacked-on-mobile is-vertically-aligned-center has-background\" style=\"background-color:#fffdea;grid-template-columns:37% auto\"><figure class=\"wp-block-media-text__media\"><img loading=\"lazy\" decoding=\"async\" width=\"1024\" height=\"768\" src=\"https:\/\/stact.at\/wp-content\/uploads\/2025\/05\/9a-Gruppe-Arbeit-Recherche-1024x768.jpeg\" alt=\"\" class=\"wp-image-643 size-full\" srcset=\"https:\/\/stact.at\/wp-content\/uploads\/2025\/05\/9a-Gruppe-Arbeit-Recherche-1024x768.jpeg 1024w, https:\/\/stact.at\/wp-content\/uploads\/2025\/05\/9a-Gruppe-Arbeit-Recherche-300x225.jpeg 300w, https:\/\/stact.at\/wp-content\/uploads\/2025\/05\/9a-Gruppe-Arbeit-Recherche-768x576.jpeg 768w, https:\/\/stact.at\/wp-content\/uploads\/2025\/05\/9a-Gruppe-Arbeit-Recherche-1536x1152.jpeg 1536w, https:\/\/stact.at\/wp-content\/uploads\/2025\/05\/9a-Gruppe-Arbeit-Recherche.jpeg 1890w\" sizes=\"(max-width: 1024px) 100vw, 1024px\" \/><\/figure><div class=\"wp-block-media-text__content\">\n<div class=\"wp-block-group is-layout-flow wp-block-group-is-layout-flow\" style=\"padding-top:2em;padding-right:2em;padding-bottom:2em;padding-left:2em\">\n<p class=\"has-heading-font-family\" style=\"font-size:clamp(14.642px, 0.915rem + ((1vw - 3.2px) * 0.766), 22px);line-height:1.2\">Wir haben damit begonnen \u00fcber die Nachhaltigkeitsziele zur reden und haben dazu unsere Ideen gesammelt. Was uns besonders wichtig ist haben wir dann in einem Bild gezeichnet. Diejenigen mit \u00e4hnlichen Interessen haben sich zu Gruppen zusammengefunden und wir haben Organisationen recherchiert, die sich mit unserem Thema besch\u00e4ftigen. Unser Plan war online Interviews mit Mitarbeiter*innen der Organisationen zu machen. Daf\u00fcr haben wir Leitf\u00e4den erstellt, Rollen im Team vereinbart und Termine mit Interviewpartner*innen gemacht. Die aufgezeichneten Online-Interviews haben wir zusammengefasst und ausgewertet.<\/p>\n\n\n\n<p class=\"has-extra-small-font-size\"><\/p>\n<\/div>\n<\/div><\/div>\n\n\n\n<div class=\"wp-block-media-text alignwide is-stacked-on-mobile is-vertically-aligned-center has-background\" style=\"background-color:#fffdea;grid-template-columns:37% auto\"><figure class=\"wp-block-media-text__media\"><img loading=\"lazy\" decoding=\"async\" width=\"1024\" height=\"768\" src=\"https:\/\/stact.at\/wp-content\/uploads\/2025\/05\/8a-Gruppe-Armut-Recherche-1024x768.jpeg\" alt=\"\" class=\"wp-image-642 size-full\" srcset=\"https:\/\/stact.at\/wp-content\/uploads\/2025\/05\/8a-Gruppe-Armut-Recherche-1024x768.jpeg 1024w, https:\/\/stact.at\/wp-content\/uploads\/2025\/05\/8a-Gruppe-Armut-Recherche-300x225.jpeg 300w, https:\/\/stact.at\/wp-content\/uploads\/2025\/05\/8a-Gruppe-Armut-Recherche-768x576.jpeg 768w, https:\/\/stact.at\/wp-content\/uploads\/2025\/05\/8a-Gruppe-Armut-Recherche-1536x1152.jpeg 1536w, https:\/\/stact.at\/wp-content\/uploads\/2025\/05\/8a-Gruppe-Armut-Recherche.jpeg 1890w\" sizes=\"(max-width: 1024px) 100vw, 1024px\" \/><\/figure><div class=\"wp-block-media-text__content\">\n<div class=\"wp-block-group is-layout-flow wp-block-group-is-layout-flow\" style=\"padding-top:2em;padding-right:2em;padding-bottom:2em;padding-left:2em\">\n<p class=\"has-heading-font-family\" style=\"font-size:clamp(14.642px, 0.915rem + ((1vw - 3.2px) * 0.766), 22px);line-height:1.2\">Die Herausforderungen dabei waren, sich zu entscheiden, was einem wichtig ist. Es hat lange gebraucht, bis wir uns auf drei Themen festgelegt haben. Das Recherchieren und die Kontaktdaten zu finden war nicht einfach. Beim online Interview und bei der Aufnahme des Gespr\u00e4ches gab es technische Probleme, die wir l\u00f6sen mussten. Auch das Zusammenfassen der Interviews war gar nicht so leicht.<\/p>\n<\/div>\n<\/div><\/div>\n\n\n\n<div class=\"wp-block-media-text alignwide has-media-on-the-right is-stacked-on-mobile is-vertically-aligned-center has-background\" style=\"background-color:#f1f5c7\"><div class=\"wp-block-media-text__content\">\n<div class=\"wp-block-group is-layout-flow wp-block-group-is-layout-flow\" style=\"padding-top:2em;padding-right:2em;padding-bottom:2em;padding-left:2em\">\n<p class=\"has-heading-font-family\" style=\"font-size:clamp(14.642px, 0.915rem + ((1vw - 3.2px) * 0.766), 22px);line-height:1.2\">Wir haben bei diesem Projekt viele interessante Dinge gesehen und erfahren. Der erste Besuch in der P\u00e4dagogischen Hochschule hat uns gefallen und die verschiedenen Stationen beim Kick off waren sehr gut. Es hat uns gut gefallen, eigene Bilder zu Weltnachhaltigkeit zu zeichnen. Bei der Zwischenpr\u00e4sentation war es spannend, wie die anderen Schulen ihre Projekte erkl\u00e4rt haben. Wir haben viele Informationen zu Unternehmen und Vereine gefunden und die Interviews mit Menschen, die dort arbeiten waren sehr interessant.<\/p>\n\n\n\n<p class=\"has-extra-small-font-size\"><\/p>\n<\/div>\n<\/div><figure class=\"wp-block-media-text__media\"><img loading=\"lazy\" decoding=\"async\" width=\"1024\" height=\"758\" src=\"https:\/\/stact.at\/wp-content\/uploads\/2025\/05\/12-Klasse-mit-den-BegleiterInnen-1024x758.jpg\" alt=\"\" class=\"wp-image-634 size-full\" srcset=\"https:\/\/stact.at\/wp-content\/uploads\/2025\/05\/12-Klasse-mit-den-BegleiterInnen-1024x758.jpg 1024w, https:\/\/stact.at\/wp-content\/uploads\/2025\/05\/12-Klasse-mit-den-BegleiterInnen-300x222.jpg 300w, https:\/\/stact.at\/wp-content\/uploads\/2025\/05\/12-Klasse-mit-den-BegleiterInnen-768x569.jpg 768w, https:\/\/stact.at\/wp-content\/uploads\/2025\/05\/12-Klasse-mit-den-BegleiterInnen-1536x1137.jpg 1536w, https:\/\/stact.at\/wp-content\/uploads\/2025\/05\/12-Klasse-mit-den-BegleiterInnen-2048x1516.jpg 2048w\" sizes=\"(max-width: 1024px) 100vw, 1024px\" \/><\/figure><\/div>\n\n\n\n<div style=\"height:25px\" aria-hidden=\"true\" class=\"wp-block-spacer\"><\/div>\n\n\n\n<div class=\"wp-block-cover alignfull is-light\" style=\"margin-top:0;padding-top:48px;padding-right:5vw;padding-bottom:48px;padding-left:5vw;min-height:503px;aspect-ratio:unset;\"><span aria-hidden=\"true\" class=\"wp-block-cover__background has-background-dim-100 has-background-dim has-background-gradient\" style=\"background:linear-gradient(180deg,rgb(0,0,0) 39%,rgb(83,80,123) 39%)\"><\/span><div class=\"wp-block-cover__inner-container is-layout-flow wp-block-cover-is-layout-flow\">\n<div style=\"height:103px\" aria-hidden=\"true\" class=\"wp-block-spacer\"><\/div>\n\n\n\n<div class=\"wp-block-group is-content-justification-space-between is-layout-flex wp-container-core-group-is-layout-b04426d0 wp-block-group-is-layout-flex\">\n<div class=\"wp-block-group wp-container-content-9cfa9a5a is-layout-flow wp-container-core-group-is-layout-d6743c7d wp-block-group-is-layout-flow\">\n<p><\/p>\n\n\n\n<p class=\"has-text-align-left has-white-color has-text-color has-link-color has-heading-font-family wp-elements-7c5381c1fc09a75ecee9dd986ac8e04f\" style=\"font-size:clamp(50.171px, 3.136rem + ((1vw - 3.2px) * 5.191), 100px);font-style:normal;font-weight:700;letter-spacing:-10px;line-height:0.7;text-transform:uppercase\"><strong>Interviews<\/strong>.<\/p>\n<\/div>\n\n\n\n<div class=\"wp-block-group wp-container-content-9dbf05af is-layout-flow wp-container-core-group-is-layout-634f0b9d wp-block-group-is-layout-flow\"><\/div>\n<\/div>\n\n\n\n<div style=\"height:25px\" aria-hidden=\"true\" class=\"wp-block-spacer\"><\/div>\n\n\n\n<p><\/p>\n\n\n\n<p class=\"has-base-2-color has-text-color has-link-color has-heading-font-family wp-elements-089c773764a9bd2f775b0144a29510e9\" style=\"font-size:clamp(0.875rem, 0.875rem + ((1vw - 0.2rem) * 0.708), 1.3rem);\"><strong>F\u00fcr die Auswertung haben wir die Interviews nach den folgenden Themen untersucht:<\/strong><br><br>* Was haben wir \u00fcber die Aufgaben und den Arbeitsalltag herausgefunden?<br>* Welche Ziele und Wirkungen hat die Organisation?<br>* Welche Berufsgruppen und T\u00e4tigkeiten gibt es dort?<\/p>\n<\/div><\/div>\n\n\n\n<div class=\"wp-block-group alignfull has-accent-5-background-color has-background is-vertical is-content-justification-right is-layout-flex wp-container-core-group-is-layout-10c5dae6 wp-block-group-is-layout-flex\" style=\"margin-top:0;margin-bottom:0;padding-top:var(--wp--preset--spacing--50);padding-right:var(--wp--preset--spacing--50);padding-bottom:var(--wp--preset--spacing--50);padding-left:var(--wp--preset--spacing--50)\">\n<div class=\"wp-block-columns alignwide is-layout-flex wp-container-core-columns-is-layout-1da03c2a wp-block-columns-is-layout-flex\">\n<div class=\"wp-block-column is-vertically-aligned-center is-layout-flow wp-block-column-is-layout-flow\" style=\"flex-basis:60%\">\n<figure class=\"wp-block-image size-large is-style-rounded is-style-rounded--2\"><img loading=\"lazy\" decoding=\"async\" width=\"1024\" height=\"339\" src=\"https:\/\/stact.at\/wp-content\/uploads\/2025\/05\/11a-Interview-Frieden-WG-Sozialpa\u0308dagoge--1024x339.png\" alt=\"\" class=\"wp-image-635\" srcset=\"https:\/\/stact.at\/wp-content\/uploads\/2025\/05\/11a-Interview-Frieden-WG-Sozialpa\u0308dagoge--1024x339.png 1024w, https:\/\/stact.at\/wp-content\/uploads\/2025\/05\/11a-Interview-Frieden-WG-Sozialpa\u0308dagoge--300x99.png 300w, https:\/\/stact.at\/wp-content\/uploads\/2025\/05\/11a-Interview-Frieden-WG-Sozialpa\u0308dagoge--768x254.png 768w, https:\/\/stact.at\/wp-content\/uploads\/2025\/05\/11a-Interview-Frieden-WG-Sozialpa\u0308dagoge--1536x509.png 1536w, https:\/\/stact.at\/wp-content\/uploads\/2025\/05\/11a-Interview-Frieden-WG-Sozialpa\u0308dagoge--2048x678.png 2048w\" sizes=\"(max-width: 1024px) 100vw, 1024px\" \/><figcaption class=\"wp-element-caption\">Christoph Fahrngruber-Biernbaum im Online-Interview<\/figcaption><\/figure>\n<\/div>\n\n\n\n<div class=\"wp-block-column is-layout-flow wp-block-column-is-layout-flow\" style=\"flex-basis:40%\">\n<h2 class=\"wp-block-heading has-heading-font-family\">Gruppe Frieden<\/h2>\n\n\n\n<p class=\"has-heading-font-family has-medium-font-size\"><strong>Interview mit Christoph Fahrngruber-Biernbaum, Sozialp\u00e4dagoge bei der Kinder- und Jugendhilfe<\/strong><br><br>Christoph arbeitet bei der Stadt Wien in einer Wohngemeinschaft der Kinder- und Jugendhilfe. Die Jugendhilfe ist eine Organisation, die Kindern und Jugendlichen in schwierigen Situationen unterst\u00fctzt. Sie sorgen daf\u00fcr, dass Kinder und Jugendliche nicht allein gelassen werden und eine sichere Zukunft haben. In der WG reden und arbeiten Sozialp\u00e4dagog*innen mit den Kindern und machen mit ihnen Ausfl\u00fcge und Gruppenurlaube. Die Mitarbeiter*innen arbeiten im Radldienst und sie haben 24 Stunden Dienste. Wenn die Kinder in der Schule oder im Kindergarten sind, wird Organisatorisches erledigt. In Wien gibt es etwa 1900 Mitarbeiter*innen, die f\u00fcr die Kinder und Jugendhilfe arbeiten.<\/p>\n\n\n\n<div style=\"height:25px\" aria-hidden=\"true\" class=\"wp-block-spacer\"><\/div>\n<\/div>\n<\/div>\n\n\n\n<p class=\"has-heading-font-family has-medium-font-size\">Das Ziel ist es, dass die Kinder gl\u00fccklich sind und sich wohl f\u00fchlen. Wichtig ist, eine Beziehung zu den Kindern und Jugendlichen aufzubauen und ihnen zu erm\u00f6glichen, angenehme Erlebnisse im Alltag zu haben. Die Kinder w\u00fcrden lieber zu Hause wohnen als in der WG, weil die meisten bei den Eltern bleiben wollen. Es f\u00e4llt ihnen schwer, auch wenn es ihnen hier gut geht. Wenn die Probleme gel\u00f6st werden, kann ein Kind wieder nach Hause ziehen. Aber manchmal ist es nicht m\u00f6glich, da k\u00f6nnen die Kinder nicht zur\u00fcck wegen Gewalt oder Problemen in der Familie.<br><\/p>\n\n\n\n<p class=\"has-heading-font-family\">Es gibt mehrere Berufsgruppen in der WG. Die Sozialp\u00e4dagog*innen arbeiten direkt mit den Kindern. Eine ist eine Springer*in, die nicht nur da sondern auch in einer anderen WG arbeitet. Dann gibt es eine Wirtschaftshelfer*in, sie k\u00fcmmert sich um Haushalt, Einkauf, Reinigungsarbeiten und anderes. Die Chefin der WG ist auch Sozialp\u00e4dagogin und es gibt noch eine Psychologin, die manchmal bei Teamsitzungen mitmacht.<\/p>\n<\/div>\n\n\n\n<div class=\"wp-block-group alignfull has-accent-5-background-color has-background is-vertical is-layout-flex wp-container-core-group-is-layout-2964369c wp-block-group-is-layout-flex\" style=\"margin-top:0;margin-bottom:0;padding-top:var(--wp--preset--spacing--50);padding-right:var(--wp--preset--spacing--50);padding-bottom:var(--wp--preset--spacing--50);padding-left:var(--wp--preset--spacing--50)\">\n<div class=\"wp-block-columns alignwide is-layout-flex wp-container-core-columns-is-layout-1da03c2a wp-block-columns-is-layout-flex\">\n<div class=\"wp-block-column is-vertically-aligned-center is-layout-flow wp-block-column-is-layout-flow\" style=\"flex-basis:60%\">\n<figure class=\"wp-block-image size-large is-style-rounded is-style-rounded--3\"><img loading=\"lazy\" decoding=\"async\" width=\"1024\" height=\"575\" src=\"https:\/\/stact.at\/wp-content\/uploads\/2025\/05\/11b-Interview-Armut-SO\u0308B-Berufscoach-1024x575.jpg\" alt=\"\" class=\"wp-image-637\" srcset=\"https:\/\/stact.at\/wp-content\/uploads\/2025\/05\/11b-Interview-Armut-SO\u0308B-Berufscoach-1024x575.jpg 1024w, https:\/\/stact.at\/wp-content\/uploads\/2025\/05\/11b-Interview-Armut-SO\u0308B-Berufscoach-300x168.jpg 300w, https:\/\/stact.at\/wp-content\/uploads\/2025\/05\/11b-Interview-Armut-SO\u0308B-Berufscoach-768x431.jpg 768w, https:\/\/stact.at\/wp-content\/uploads\/2025\/05\/11b-Interview-Armut-SO\u0308B-Berufscoach.jpg 1309w\" sizes=\"(max-width: 1024px) 100vw, 1024px\" \/><figcaption class=\"wp-element-caption\">Andrea Strutzmann im Online-Interview<\/figcaption><\/figure>\n<\/div>\n\n\n\n<div class=\"wp-block-column is-layout-flow wp-block-column-is-layout-flow\" style=\"flex-basis:40%\">\n<h2 class=\"wp-block-heading has-heading-font-family\">Gruppe Armut<\/h2>\n\n\n\n<p class=\"has-heading-font-family has-medium-font-size\"><strong>Interview mit Andrea Strutzmann, Berufscoach bei Caritas S\u00d6B &#8211; Sozial\u00f6konomische Betriebe<\/strong><br><br>Andrea arbeitet bei der Caritas in einem Projekt, wo es darum geht, Leuten die M\u00f6glichkeit zu geben, wieder einen Arbeitsplatz zu finden. Sie betreut 11 Arbeitspl\u00e4tze in Second Hand Shops, die auf 6 Monate befristet sind. Ihre Aufgabe ist, Personen zu beraten und mit ihnen zu besprechen, ob sie f\u00fcr einen der Arbeitspl\u00e4tzen Interesse haben und ob sie finanzielle Probleme haben.<br>Ihr Arbeitstag: Sie kommt in der Fr\u00fch, schaut alle E-Mails durch und hat dann meistens Einzelgespr\u00e4chstermine mit Leuten, die f\u00fcr eine der von ihr angebotenen Stellen Interesse haben. Sie unterst\u00fctzt dann die Leute, die zu arbeiten begonnen haben und sucht mit ihnen innerhalb der 6 Monate eine passende Stelle.<br><br>Das Ziel der Caritas ist es, Leuten die M\u00f6glichkeit zu geben wieder einen Arbeitsplatz zu finden, damit sie aus der Armut rauskommen k\u00f6nnen.&nbsp;<\/p>\n<\/div>\n<\/div>\n\n\n\n<p class=\"has-heading-font-family has-medium-font-size\"><strong>Wirkung:<\/strong><\/p>\n\n\n\n<ul class=\"wp-block-list\">\n<li class=\"has-heading-font-family has-medium-font-size\">Arbeit in Second Hands Shops: Personen spenden M\u00f6bel, Geschirr, Kleidung und das wird durchgeschaut und wiederverkauft.<\/li>\n\n\n\n<li class=\"has-heading-font-family has-medium-font-size\">Bewerbungstraining: Da wird ge\u00fcbt, wie sie ihre Berufserfahrung beim Vorstellungsgespr\u00e4ch gut darstellen k\u00f6nnen. Ein Erfolg ist es, wenn Leuten danach direkt in ein Arbeitsverh\u00e4ltnis in den ersten Arbeitsmarkt einsteigen k\u00f6nnen. <\/li>\n\n\n\n<li class=\"has-heading-font-family has-medium-font-size\">Sozialarbeiterische Betreuung: Sie bieten Unterst\u00fctzung sowohl bei finanziellen Problemen (Gas, Strom und Miete) als auch bei Gesundheitsproblemen an. Es gibt die Carla Karte, damit k\u00f6nnen Leute mit geringem Einkommen Sachen um 70% g\u00fcnstiger einkaufen. Personen die Schulden haben werden betreut, um eine Schuldenregelung zu machen.<\/li>\n<\/ul>\n\n\n\n<p class=\"has-heading-font-family has-medium-font-size\"><br>Es gibt verschiedene Berufsgruppen bei S\u00d6B. Eine Gruppe ist in der Werkstatt, da werden M\u00f6beln zusammengebaut, repariert und wiederverkauft. Dann gibt es die Elektroabteilung, da werden Lampen, Kaffeemaschinen, Fernseher, alles M\u00f6gliche getestet und wieder verkauft. Eine dritte Abteilung nennt sich Spendenannahme, da werden die Kund*innen betreuen, die Spenden bringen. Eine andere Abteilung ist die Regalbetreuung, da k\u00f6nnen Leute die k\u00f6rperliche Einschr\u00e4nkung haben beginnen und leichtere T\u00e4tigkeiten aus\u00fcben. In der Textil- und Kinderabteilung werden die Spenden (Kleidung, Spielzeug, Kinderw\u00e4gen\u2026) verkauft.<\/p>\n<\/div>\n\n\n\n<div class=\"wp-block-group alignfull has-accent-5-background-color has-background is-vertical is-layout-flex wp-container-core-group-is-layout-2964369c wp-block-group-is-layout-flex\" style=\"margin-top:0;margin-bottom:0;padding-top:var(--wp--preset--spacing--50);padding-right:var(--wp--preset--spacing--50);padding-bottom:var(--wp--preset--spacing--50);padding-left:var(--wp--preset--spacing--50)\">\n<div class=\"wp-block-columns alignwide is-layout-flex wp-container-core-columns-is-layout-1da03c2a wp-block-columns-is-layout-flex\">\n<div class=\"wp-block-column is-vertically-aligned-center is-layout-flow wp-block-column-is-layout-flow\" style=\"flex-basis:60%\">\n<figure class=\"wp-block-image size-large is-style-rounded is-style-rounded--4\"><img loading=\"lazy\" decoding=\"async\" width=\"1024\" height=\"512\" src=\"https:\/\/stact.at\/wp-content\/uploads\/2025\/05\/11c-Interview-Arbeit-Refurbed-Gescha\u0308ftsfu\u0308hrer-1024x512.jpg\" alt=\"\" class=\"wp-image-636\" srcset=\"https:\/\/stact.at\/wp-content\/uploads\/2025\/05\/11c-Interview-Arbeit-Refurbed-Gescha\u0308ftsfu\u0308hrer-1024x512.jpg 1024w, https:\/\/stact.at\/wp-content\/uploads\/2025\/05\/11c-Interview-Arbeit-Refurbed-Gescha\u0308ftsfu\u0308hrer-300x150.jpg 300w, https:\/\/stact.at\/wp-content\/uploads\/2025\/05\/11c-Interview-Arbeit-Refurbed-Gescha\u0308ftsfu\u0308hrer-768x384.jpg 768w, https:\/\/stact.at\/wp-content\/uploads\/2025\/05\/11c-Interview-Arbeit-Refurbed-Gescha\u0308ftsfu\u0308hrer.jpg 1245w\" sizes=\"(max-width: 1024px) 100vw, 1024px\" \/><figcaption class=\"wp-element-caption\">Kilian Kaminski im Online-Interview<\/figcaption><\/figure>\n<\/div>\n\n\n\n<div class=\"wp-block-column is-layout-flow wp-block-column-is-layout-flow\" style=\"flex-basis:40%\">\n<h2 class=\"wp-block-heading has-heading-font-family\">Gruppe Arbeit<\/h2>\n\n\n\n<p class=\"has-heading-font-family has-medium-font-size\"><strong>Interview mit Kilian Kaminski, Manager bei Refurbed Marketplace GmbH<\/strong><br><br>Kilian ist einer der Gesch\u00e4ftsf\u00fchrer und zust\u00e4ndig f\u00fcr Verkauf, Kundenservice, Personalmanagement und \u00d6ffentlichkeitsarbeit. Er ist f\u00fcr die gesamte strategische Ausrichtung der Bereiche verantwortlich, das hei\u00dft welche Mitarbeiter\/innen wollen sie aufnehmen, welche Kund*innen und Partner wollen sie akquirieren, wie k\u00f6nnen sie Partnerschaften weiter ausbauen. Bei Public Affairs geht es um Gespr\u00e4che mit der Regierung in \u00d6sterreich, in Deutschland aber auch mit der EU-Kommission, wie das Thema Kreislaufwirtschaftlich mehr in der Gesellschaft ankommt. Auch allgemeine Pressearbeit, mit Journalist*innen reden von Zeitungen, Radiosendern, TV-Kan\u00e4len, um Refurbed zu erkl\u00e4ren und einen Beitrag daf\u00fcr zu leisten, dass das Thema Nachhaltigkeit und Kreislaufwirtschaft st\u00e4rker kommuniziert wird. Der Arbeitsalltag besteht meist aus Meetings zwischen 8 Uhr morgens bis 20 Uhr abends. Sie haben zwar ein B\u00fcro in Wien aber die meisten der 250 Mitarbeiter*innen arbeiten in ganz Europa verteilt. Sie machen Video Conferencing und haben etwa 10-15 halbst\u00fcndige Meetings am Tag. Sie besprechen, wie es im Sales l\u00e4uft, machen Recruiting, Interviews mit neuen Mitarbeiter*innen, journalistische Anfragen aber auch Meetings vor Ort mit Partner*innen.&nbsp;<\/p>\n\n\n\n<div style=\"height:25px\" aria-hidden=\"true\" class=\"wp-block-spacer\"><\/div>\n<\/div>\n<\/div>\n\n\n\n<p class=\"has-heading-font-family has-medium-font-size\">Sie wollen etwas Positives f\u00fcr die Welt schaffen, indem sie daf\u00fcr sorgen, dass der Lebenszyklus von Ger\u00e4ten l\u00e4nger dauert. Damit Handys und Laptops nicht nach 2 Jahren in Schubladen landen, sondern wieder verwendet werden. Der Erfolg ist damit vielen einen Job zu bieten, damit einen positiven Beitrag f\u00fcr eine bessere Welt zu leisten und ihr Leben und ihre Familien finanzieren zu k\u00f6nnen. Sie machen auch Haushalts- und K\u00fcchenger\u00e4te und es k\u00f6nnen erneuerte Staubsauger, Kaffeemaschinen und Sports Equipment wie E Bikes, Ski, Snowboards bis zu Gym Equipment gekauft werden. Es gibt jetzt Kinder Equipment wie Kinderwagen, Buggys etc.&nbsp;Refurbed wurde im Februar 2017 gegr\u00fcndet. \u00dcber die Plattform werden mehrere 1000 Ger\u00e4te am Tag verkauft.<\/p>\n\n\n\n<p class=\"has-heading-font-family has-medium-font-size\"><br>In der Firma refurbed gibt es viele Berufsgruppen, wie z. B. Jurist*innen und Finanzmitarbeiter*innen, Programmierer*innen und Entwickler*innen. Product Manager sind f\u00fcr die Technik der Website zust\u00e4ndig. Sie haben Mitarbeiter*innen im Personalmanagement und im Officemanagement. Es gibt ein B\u00fcro in Wien und Mitarbeiter*innen k\u00fcmmern sich darum, dass Partner*innen empfangen und die anderen Mitarbeiter*innen versorgt werden.<\/p>\n<\/div>\n\n\n\n<div class=\"wp-block-cover alignfull is-light\" style=\"margin-top:0;padding-top:48px;padding-right:5vw;padding-bottom:48px;padding-left:5vw\"><span aria-hidden=\"true\" class=\"wp-block-cover__background has-background-dim-100 has-background-dim has-background-gradient\" style=\"background:linear-gradient(180deg,rgb(0,0,0) 39%,rgb(83,80,123) 39%)\"><\/span><div class=\"wp-block-cover__inner-container is-layout-flow wp-block-cover-is-layout-flow\">\n<div style=\"height:100px\" aria-hidden=\"true\" class=\"wp-block-spacer\"><\/div>\n\n\n\n<div class=\"wp-block-group is-content-justification-space-between is-layout-flex wp-container-core-group-is-layout-b04426d0 wp-block-group-is-layout-flex\">\n<div class=\"wp-block-group wp-container-content-9cfa9a5a is-layout-flow wp-container-core-group-is-layout-d6743c7d wp-block-group-is-layout-flow\">\n<p class=\"has-text-align-left has-white-color has-text-color has-link-color has-heading-font-family wp-elements-067187457774401ca480e9efb7daf022\" style=\"font-size:clamp(50.171px, 3.136rem + ((1vw - 3.2px) * 5.191), 100px);font-style:normal;font-weight:700;letter-spacing:-10px;line-height:0.7;text-transform:uppercase\"><strong><strong>Unsere  neuen  Erfahrungen<\/strong><\/strong>.<\/p>\n<\/div>\n\n\n\n<p class=\"has-base-2-color has-text-color has-link-color has-heading-font-family has-large-font-size wp-elements-9b39071f9714149a19a804376a9bd6b2 wp-container-content-9cfa9a5a\">Es war sehr interessant diese Geschichten \u00fcber den Beruf von den Leuten zu h\u00f6ren, die wir interviewt haben. Es ist krass, dass es in einer Wohngemeinschaft f\u00fcr Kinder und Jugendliche 24 Stunden-Dienste gibt. Wir haben erfahren, dass nicht nur Handys und Laptops erneuert werden, sondern auch viele andere Sachen. Es war \u00fcberraschend zu h\u00f6ren, dass jemand so viel arbeitet und so viele Meetings an einem Tag hat. Wir haben erfahren, dass nicht alle ausreichend betreut werden k\u00f6nnen. Wir wussten nicht, dass es so viele arbeitslose Menschen gibt.<\/p>\n<\/div>\n<\/div><\/div>\n\n\n\n<p><\/p>\n","protected":false},"excerpt":{"rendered":"<p>Die Mittelschule&nbsp;Hernals ist eine Mittelschule der Stadt Wien mit Informatikschwerpunkt. Derzeit werden zirka 300 Sch\u00fcler*innen in 14 Klassen unterrichtet. Zwei Klassen werden als Integrationsklassen gef\u00fchrt und durch das&nbsp;ZIS17&nbsp;p\u00e4dagogisch unterst\u00fctzt. Unser Ziel ist es, Sch\u00fcler*innen aus unterschiedlichen sozialen, gesellschaftlichen, sprachlichen und kulturellen Schichten miteinander zu unterrichten und sie auf einen bestm\u00f6glichen Start ins Berufsleben vorzubereiten. MSi [&hellip;]<\/p>\n","protected":false},"author":2,"featured_media":0,"parent":0,"menu_order":0,"comment_status":"closed","ping_status":"closed","template":"","meta":{"footnotes":""},"class_list":["post-476","page","type-page","status-publish","hentry"],"_links":{"self":[{"href":"https:\/\/stact.at\/index.php?rest_route=\/wp\/v2\/pages\/476","targetHints":{"allow":["GET"]}}],"collection":[{"href":"https:\/\/stact.at\/index.php?rest_route=\/wp\/v2\/pages"}],"about":[{"href":"https:\/\/stact.at\/index.php?rest_route=\/wp\/v2\/types\/page"}],"author":[{"embeddable":true,"href":"https:\/\/stact.at\/index.php?rest_route=\/wp\/v2\/users\/2"}],"replies":[{"embeddable":true,"href":"https:\/\/stact.at\/index.php?rest_route=%2Fwp%2Fv2%2Fcomments&post=476"}],"version-history":[{"count":22,"href":"https:\/\/stact.at\/index.php?rest_route=\/wp\/v2\/pages\/476\/revisions"}],"predecessor-version":[{"id":677,"href":"https:\/\/stact.at\/index.php?rest_route=\/wp\/v2\/pages\/476\/revisions\/677"}],"wp:attachment":[{"href":"https:\/\/stact.at\/index.php?rest_route=%2Fwp%2Fv2%2Fmedia&parent=476"}],"curies":[{"name":"wp","href":"https:\/\/api.w.org\/{rel}","templated":true}]}}